{"id":4547,"date":"2017-05-24T12:05:03","date_gmt":"2017-05-24T10:05:03","guid":{"rendered":"http:\/\/www.pagans.eu\/?page_id=4547"},"modified":"2017-05-26T15:19:43","modified_gmt":"2017-05-26T13:19:43","slug":"vikings-celtes","status":"publish","type":"page","link":"https:\/\/www.pagans.eu\/en\/vikings-celtes\/","title":{"rendered":"Vikings &#038; Celtes"},"content":{"rendered":"<table>\n<tr>\n<td>\n<h2>L&#8217;Histoire des Barbares (trailer)<\/h2>\n<div class=\"clear\"><\/div>\n<p>vu par un descendant de paysan<\/p>\n<div class=\"thumb-holder-4-col\">\n<div class=\"portfolio-img-thumb-4-col\">\n<span class=\"portfolio-zoom-image-4-col\"> <\/span><a rel=\"wp-prettyPhoto[portfolio]\" href=\"https:\/\/www.youtube.com\/watch?v=D57B7ZeWOog\" title=\"\"><img loading=\"lazy\" class=\"hover-opacity\" src=\"http:\/\/www.pagans.eu\/wp-content\/uploads\/2017\/05\/miniatureSAxonD\u00e9fiRegard.jpg\" width=\"176\" height=\"116\" alt=\"G\u00e9nocide Verden\" \/><\/a>\n<\/div>\n<p><!-- end portfolio-img-thumb-4-col -->\n <\/div>\n<p><!-- end thumb-holder-4-col \u2192 -->\n<\/td>\n<td>\n<h2>La s\u00e9rie Viking<\/h2>\n<div class=\"clear\"><\/div>\n<p>Eviter les pi\u00e8ges de la propagande anti-Viking r\u00e9pandus dans cette s\u00e9rie<\/p>\n<div class=\"thumb-holder-4-col\">\n<div class=\"portfolio-img-thumb-4-col\">\n<span class=\"portfolio-zoom-image-4-col\"> <\/span><a rel=\"wp-prettyPhoto[portfolio]\" href=\"https:\/\/www.youtube.com\/watch?v=cefYD2WZV3A\" title=\"\"><img loading=\"lazy\" class=\"hover-opacity\" src=\"http:\/\/www.pagans.eu\/wp-content\/uploads\/2017\/05\/miniatSERIE-VIKINGS.png\" width=\"176\" height=\"116\" alt=\"La s\u00e9rie Viking\" \/><\/a>\t\t\t\t<\/div>\n<p><!-- end portfolio-img-thumb-4-col -->\n <\/div>\n<p><!-- end thumb-holder-4-col -->\n<\/td>\n<td>\n<h2>La France colonis\u00e9e<\/h2>\n<div class=\"clear\"><\/div>\n<p>Les Vikings prennent et cr\u00e9ent la Normandie !<\/p>\n<div class=\"thumb-holder-4-col\">\n<div class=\"portfolio-img-thumb-4-col\">\n<span class=\"portfolio-zoom-image-4-col\"> <\/span><a rel=\"wp-prettyPhoto[portfolio]\" href=\"https:\/\/www.youtube.com\/watch?v=ADqvmj-SMJU\" title=\"\"><img loading=\"lazy\" class=\"hover-opacity\" src=\"http:\/\/www.pagans.eu\/wp-content\/uploads\/2017\/05\/pubFacebookFRANCEcolo.png\" width=\"176\" height=\"116\" alt=\"France colonis\u00e9e\" \/><\/a>\t\t\t\t<\/div>\n<p><!-- end portfolio-img-thumb-4-col -->\n <\/div>\n<p><!-- end thumb-holder-4-col -->\n<\/td>\n<\/tr>\n<tr>\n<td>\n<h2>Dans la peau d&#8217;un guerrier Celte<\/h2>\n<div class=\"clear\"><\/div>\n<p>Les Gaulois \u00e9taient des Celtes. Tout ce que l&#8217;on ne vous a jamais dit sur vos anc\u00eatres&#8230;<\/p>\n<div class=\"thumb-holder-4-col\">\n<div class=\"portfolio-img-thumb-4-col\">\n<span class=\"portfolio-zoom-image-4-col\"> <\/span><a rel=\"wp-prettyPhoto[portfolio]\" href=\"https:\/\/www.youtube.com\/watch?v=grohDA5P3b8\" title=\"\"><img loading=\"lazy\" class=\"hover-opacity\" src=\"http:\/\/www.pagans.eu\/wp-content\/uploads\/2017\/05\/miniatureDANS_la_PEAU_CELTE.png\" width=\"176\" height=\"116\" alt=\"France colonis\u00e9e\" \/><\/a>\t\t\t\t<\/div>\n<p><!-- end portfolio-img-thumb-4-col -->\n <\/div>\n<p><!-- end thumb-holder-4-col -->\n<\/td>\n<td>\n<h2>Le v\u00e9ritable origine du ph\u00e9nom\u00e8ne Viking<\/h2>\n<div class=\"clear\"><\/div>\n<p>Le G\u00e9nocide de Verden, cach\u00e9 par l&#8217;histoire officielle<\/p>\n<div class=\"thumb-holder-4-col\">\n<div class=\"portfolio-img-thumb-4-col\">\n<span class=\"portfolio-zoom-image-4-col\"> <\/span><a rel=\"wp-prettyPhoto[portfolio]\" href=\"https:\/\/www.youtube.com\/watch?v=F6aN2l9kSQQ\" title=\"\"><img loading=\"lazy\" class=\"hover-opacity\" src=\"http:\/\/www.pagans.eu\/wp-content\/uploads\/2017\/05\/MiniatureGenocideVerden.png\" width=\"176\" height=\"116\" alt=\"G\u00e9nocide Verden\" \/><\/a>\n<\/div>\n<p><!-- end portfolio-img-thumb-4-col -->\n <\/div>\n<p><!-- end thumb-holder-4-col \u2192 -->\n<\/td>\n<td>\n<h2>Les Gaulois attaquent Rome<\/h2>\n<div class=\"clear\"><\/div>\n<p>-390 av JC, les Celtes marchent sur Rome&#8230;<\/p>\n<div class=\"thumb-holder-4-col\">\n<div class=\"portfolio-img-thumb-4-col\">\n<span class=\"portfolio-zoom-image-4-col\"> <\/span><a rel=\"wp-prettyPhoto[portfolio]\" href=\"https:\/\/www.youtube.com\/watch?v=W9RljJVTz5w\" title=\"\"><img loading=\"lazy\" class=\"hover-opacity\" src=\"http:\/\/www.pagans.eu\/wp-content\/uploads\/2017\/05\/MiniatureCELTEattaquentROME.jpg\" width=\"176\" height=\"116\" alt=\"Qu'est-ce que les Runes ?\" \/><\/a>\n<\/div>\n<p><!-- end portfolio-img-thumb-4-col -->\n <\/div>\n<p><!-- end thumb-holder-4-col \u2192 -->\n<\/td>\n<\/tr>\n<\/table>\n","protected":false},"excerpt":{"rendered":"<p>L&#8217;Histoire des Barbares (trailer) vu par un descendant de paysan La s\u00e9rie Viking Eviter les pi\u00e8ges de la propagande anti-Viking r\u00e9pandus dans cette s\u00e9rie La France colonis\u00e9e Les Vikings prennent et cr\u00e9ent la Normandie ! Dans<\/p>\n","protected":false},"author":5,"featured_media":0,"parent":0,"menu_order":0,"comment_status":"closed","ping_status":"closed","template":"page-PageTemplate3.php","meta":[],"translation":{"provider":"WPGlobus","version":"2.10.4","language":"en","enabled_languages":["fr","en"],"languages":{"fr":{"title":true,"content":true,"excerpt":false},"en":{"title":false,"content":false,"excerpt":false}}},"_links":{"self":[{"href":"https:\/\/www.pagans.eu\/en\/wp-json\/wp\/v2\/pages\/4547"}],"collection":[{"href":"https:\/\/www.pagans.eu\/en\/wp-json\/wp\/v2\/pages"}],"about":[{"href":"https:\/\/www.pagans.eu\/en\/wp-json\/wp\/v2\/types\/page"}],"author":[{"embeddable":true,"href":"https:\/\/www.pagans.eu\/en\/wp-json\/wp\/v2\/users\/5"}],"replies":[{"embeddable":true,"href":"https:\/\/www.pagans.eu\/en\/wp-json\/wp\/v2\/comments?post=4547"}],"version-history":[{"count":0,"href":"https:\/\/www.pagans.eu\/en\/wp-json\/wp\/v2\/pages\/4547\/revisions"}],"wp:attachment":[{"href":"https:\/\/www.pagans.eu\/en\/wp-json\/wp\/v2\/media?parent=4547"}],"curies":[{"name":"wp","href":"https:\/\/api.w.org\/{rel}","templated":true}]}}